{"id":43614,"date":"2026-08-30T15:28:54","date_gmt":"2026-08-30T15:28:54","guid":{"rendered":"https:\/\/telasbymarian.es\/?post_type=product&#038;p=43614"},"modified":"2026-08-30T15:28:55","modified_gmt":"2026-08-30T15:28:55","slug":"%e2%ad%90viyela-flores-jardin-de-libelula","status":"publish","type":"product","link":"https:\/\/telasbymarian.es\/?product=%e2%ad%90viyela-flores-jardin-de-libelula","title":{"rendered":"\u2b50Viyela Flores Jard\u00edn de Lib\u00e9lula"},"content":{"rendered":"","protected":false},"excerpt":{"rendered":"<p class=\"PDq2pG_selectionAnchorContainer\" data-start=\"33\" data-end=\"351\">Preciosa <strong data-start=\"42\" data-end=\"86\">viyela estampada de inspiraci\u00f3n bot\u00e1nica<\/strong>, con un dise\u00f1o elegante y muy especial sobre un intenso <strong data-start=\"143\" data-end=\"177\">fondo azul marino noche<\/strong>. La combinaci\u00f3n de flores, hojas, frutos, peque\u00f1os p\u00e1jaros e insectos crea una composici\u00f3n que recuerda a un <strong data-start=\"287\" data-end=\"317\">jard\u00edn silvestre de cuento<\/strong>, sofisticado pero a la vez dulce.<\/p>\n<p data-start=\"353\" data-end=\"696\">El estampado est\u00e1 formado por <strong data-start=\"383\" data-end=\"423\">ramas y flores de diferentes tama\u00f1os<\/strong>, distribuidas de manera irregular y org\u00e1nica. Entre la vegetaci\u00f3n aparecen peque\u00f1os detalles que enriquecen much\u00edsimo el dise\u00f1o: <strong data-start=\"553\" data-end=\"616\">pajaritos, lib\u00e9lulas, frutos redondeados y diminutas flores<\/strong>, haciendo que sea una tela en la que continuamente se descubren nuevos motivos.<\/p>\n<p data-start=\"994\" data-end=\"1213\">Las grandes ramas verdes equilibran la composici\u00f3n, mientras que las flores en crudo gris\u00e1ceo y azul aportan luminosidad. Los peque\u00f1os frutos en <strong data-start=\"1130\" data-end=\"1160\">rosa melocot\u00f3n<\/strong>\u00a0crean puntos de contraste muy bonitos sobre el azul.<\/p>\n<p data-start=\"1215\" data-end=\"1371\">Los <strong data-start=\"1219\" data-end=\"1246\">pajaritos en azul claro<\/strong> y las peque\u00f1as lib\u00e9lulas aportan ese toque de fantas\u00eda que hace que el estampado resulte diferente a un floral convencional.<\/p>\n<p data-start=\"1215\" data-end=\"1371\"><strong data-start=\"2247\" data-end=\"2263\">Composici\u00f3n:<\/strong> 100 % algod\u00f3n<br data-start=\"2278\" data-end=\"2281\" \/><strong data-start=\"2281\" data-end=\"2291\">Ancho:<\/strong> 150 cm aprox.<br data-start=\"2310\" data-end=\"2313\" \/><strong data-start=\"2313\" data-end=\"2325\">Gramaje:<\/strong> 130 g\/m\u00b2 aprox.<br data-start=\"2346\" data-end=\"2349\" \/><strong data-start=\"2349\" data-end=\"2360\">Lavado:<\/strong> m\u00e1ximo 30 \u00b0C<br data-start=\"2373\" data-end=\"2376\" \/><strong data-start=\"2376\" data-end=\"2390\">Planchado:<\/strong> temperatura baja\/media<br data-start=\"2413\" data-end=\"2416\" \/><br data-start=\"2444\" data-end=\"2447\" \/><\/p>\n","protected":false},"featured_media":43551,"template":"","meta":{"om_disable_all_campaigns":false,"_monsterinsights_skip_tracking":false,"site-sidebar-layout":"default","site-content-layout":"","ast-site-content-layout":"default","site-content-style":"default","site-sidebar-style":"default","ast-global-header-display":"","ast-banner-title-visibility":"","ast-main-header-display":"","ast-hfb-above-header-display":"","ast-hfb-below-header-display":"","ast-hfb-mobile-header-display":"","site-post-title":"","ast-breadcrumbs-content":"","ast-featured-img":"","footer-sml-layout":"","ast-disable-related-posts":"","theme-transparent-header-meta":"default","adv-header-id-meta":"","stick-header-meta":"","header-above-stick-meta":"","header-main-stick-meta":"","header-below-stick-meta":"","astra-migrate-meta-layouts":"set","ast-page-background-enabled":"default","ast-page-background-meta":{"desktop":{"background-color":"","background-image":"","background-repeat":"repeat","background-position":"center center","background-size":"auto","background-attachment":"scroll","background-type":"","background-media":"","overlay-type":"","overlay-color":"","overlay-opacity":"","overlay-gradient":""},"tablet":{"background-color":"","background-image":"","background-repeat":"repeat","background-position":"center center","background-size":"auto","background-attachment":"scroll","background-type":"","background-media":"","overlay-type":"","overlay-color":"","overlay-opacity":"","overlay-gradient":""},"mobile":{"background-color":"","background-image":"","background-repeat":"repeat","background-position":"center center","background-size":"auto","background-attachment":"scroll","background-type":"","background-media":"","overlay-type":"","overlay-color":"","overlay-opacity":"","overlay-gradient":""}},"ast-content-background-meta":{"desktop":{"background-color":"var(--ast-global-color-5)","background-image":"","background-repeat":"repeat","background-position":"center center","background-size":"auto","background-attachment":"scroll","background-type":"","background-media":"","overlay-type":"","overlay-color":"","overlay-opacity":"","overlay-gradient":""},"tablet":{"background-color":"var(--ast-global-color-5)","background-image":"","background-repeat":"repeat","background-position":"center center","background-size":"auto","background-attachment":"scroll","background-type":"","background-media":"","overlay-type":"","overlay-color":"","overlay-opacity":"","overlay-gradient":""},"mobile":{"background-color":"var(--ast-global-color-5)","background-image":"","background-repeat":"repeat","background-position":"center center","background-size":"auto","background-attachment":"scroll","background-type":"","background-media":"","overlay-type":"","overlay-color":"","overlay-opacity":"","overlay-gradient":""}},"_joinchat":[]},"product_brand":[],"product_cat":[15,82],"product_tag":[],"class_list":["post-43614","product","type-product","status-publish","has-post-thumbnail","product_cat-todos-productos","product_cat-viyela-estampada-y-lisa","desktop-align-left","tablet-align-left","mobile-align-left","first","instock","taxable","shipping-taxable","purchasable","product-type-simple"],"yoast_head":"<!-- This site is optimized with the Yoast SEO plugin v28.3 - https:\/\/yoast.com\/product\/yoast-seo-wordpress\/ -->\n<title>\u2b50Viyela Flores Jard\u00edn de Lib\u00e9lula - Telas by Marian<\/title>\n<meta name=\"description\" content=\"\u2b50Viyela Flores Jard\u00edn de Lib\u00e9lula - Telas by Marian TELA\" \/>\n<meta name=\"robots\" content=\"index, follow, max-snippet:-1, max-image-preview:large, max-video-preview:-1\" \/>\n<link rel=\"canonical\" href=\"https:\/\/telasbymarian.es\/?product=\u2b50viyela-flores-jardin-de-libelula\" \/>\n<meta property=\"og:locale\" content=\"es_ES\" \/>\n<meta property=\"og:type\" content=\"article\" \/>\n<meta property=\"og:title\" content=\"\u2b50Viyela Flores Jard\u00edn de Lib\u00e9lula - Telas by Marian\" \/>\n<meta property=\"og:description\" content=\"\u2b50Viyela Flores Jard\u00edn de Lib\u00e9lula - Telas by Marian TELA\" \/>\n<meta property=\"og:url\" content=\"https:\/\/telasbymarian.es\/?product=\u2b50viyela-flores-jardin-de-libelula\" \/>\n<meta property=\"og:site_name\" content=\"Telas by Marian\" \/>\n<meta property=\"article:modified_time\" content=\"2026-08-30T15:28:55+00:00\" \/>\n<meta property=\"og:image\" content=\"https:\/\/telasbymarian.es\/wp-content\/uploads\/2026\/08\/20260829_140620-scaled.jpg\" \/>\n\t<meta property=\"og:image:width\" content=\"1920\" \/>\n\t<meta property=\"og:image:height\" content=\"2560\" \/>\n\t<meta property=\"og:image:type\" content=\"image\/jpeg\" \/>\n<meta name=\"twitter:card\" content=\"summary_large_image\" \/>\n<script type=\"application\/ld+json\" class=\"yoast-schema-graph\">{\"@context\":\"https:\\\/\\\/schema.org\",\"@graph\":[{\"@type\":\"WebPage\",\"@id\":\"https:\\\/\\\/telasbymarian.es\\\/?product=%e2%ad%90viyela-flores-jardin-de-libelula\",\"url\":\"https:\\\/\\\/telasbymarian.es\\\/?product=%e2%ad%90viyela-flores-jardin-de-libelula\",\"name\":\"\u2b50Viyela Flores Jard\u00edn de Lib\u00e9lula - Telas by Marian\",\"isPartOf\":{\"@id\":\"https:\\\/\\\/telasbymarian.es\\\/#website\"},\"primaryImageOfPage\":{\"@id\":\"https:\\\/\\\/telasbymarian.es\\\/?product=%e2%ad%90viyela-flores-jardin-de-libelula#primaryimage\"},\"image\":{\"@id\":\"https:\\\/\\\/telasbymarian.es\\\/?product=%e2%ad%90viyela-flores-jardin-de-libelula#primaryimage\"},\"thumbnailUrl\":\"https:\\\/\\\/telasbymarian.es\\\/wp-content\\\/uploads\\\/2026\\\/08\\\/20260829_140620-scaled.jpg\",\"datePublished\":\"2026-08-30T15:28:54+00:00\",\"dateModified\":\"2026-08-30T15:28:55+00:00\",\"description\":\"\u2b50Viyela Flores Jard\u00edn de Lib\u00e9lula - Telas by Marian TELA\",\"breadcrumb\":{\"@id\":\"https:\\\/\\\/telasbymarian.es\\\/?product=%e2%ad%90viyela-flores-jardin-de-libelula#breadcrumb\"},\"inLanguage\":\"es\",\"potentialAction\":[{\"@type\":\"ReadAction\",\"target\":[\"https:\\\/\\\/telasbymarian.es\\\/?product=%e2%ad%90viyela-flores-jardin-de-libelula\"]}]},{\"@type\":\"ImageObject\",\"inLanguage\":\"es\",\"@id\":\"https:\\\/\\\/telasbymarian.es\\\/?product=%e2%ad%90viyela-flores-jardin-de-libelula#primaryimage\",\"url\":\"https:\\\/\\\/telasbymarian.es\\\/wp-content\\\/uploads\\\/2026\\\/08\\\/20260829_140620-scaled.jpg\",\"contentUrl\":\"https:\\\/\\\/telasbymarian.es\\\/wp-content\\\/uploads\\\/2026\\\/08\\\/20260829_140620-scaled.jpg\",\"width\":1920,\"height\":2560},{\"@type\":\"BreadcrumbList\",\"@id\":\"https:\\\/\\\/telasbymarian.es\\\/?product=%e2%ad%90viyela-flores-jardin-de-libelula#breadcrumb\",\"itemListElement\":[{\"@type\":\"ListItem\",\"position\":1,\"name\":\"Portada\",\"item\":\"https:\\\/\\\/telasbymarian.es\\\/\"},{\"@type\":\"ListItem\",\"position\":2,\"name\":\"CAT\u00c1LOGO\",\"item\":\"https:\\\/\\\/telasbymarian.es\\\/?page_id=38\"},{\"@type\":\"ListItem\",\"position\":3,\"name\":\"\u2b50Viyela Flores Jard\u00edn de Lib\u00e9lula\"}]},{\"@type\":\"WebSite\",\"@id\":\"https:\\\/\\\/telasbymarian.es\\\/#website\",\"url\":\"https:\\\/\\\/telasbymarian.es\\\/\",\"name\":\"Telas by Marian\",\"description\":\"telasbymarian\",\"publisher\":{\"@id\":\"https:\\\/\\\/telasbymarian.es\\\/#organization\"},\"potentialAction\":[{\"@type\":\"SearchAction\",\"target\":{\"@type\":\"EntryPoint\",\"urlTemplate\":\"https:\\\/\\\/telasbymarian.es\\\/?s={search_term_string}\"},\"query-input\":{\"@type\":\"PropertyValueSpecification\",\"valueRequired\":true,\"valueName\":\"search_term_string\"}}],\"inLanguage\":\"es\"},{\"@type\":\"Organization\",\"@id\":\"https:\\\/\\\/telasbymarian.es\\\/#organization\",\"name\":\"Telas by Marian\",\"url\":\"https:\\\/\\\/telasbymarian.es\\\/\",\"logo\":{\"@type\":\"ImageObject\",\"inLanguage\":\"es\",\"@id\":\"https:\\\/\\\/telasbymarian.es\\\/#\\\/schema\\\/logo\\\/image\\\/\",\"url\":\"https:\\\/\\\/telasbymarian.es\\\/wp-content\\\/uploads\\\/2026\\\/08\\\/cropped-181341724_911390609683091_7405646891194828866_n-300x300-1.jpg\",\"contentUrl\":\"https:\\\/\\\/telasbymarian.es\\\/wp-content\\\/uploads\\\/2026\\\/08\\\/cropped-181341724_911390609683091_7405646891194828866_n-300x300-1.jpg\",\"width\":300,\"height\":162,\"caption\":\"Telas by Marian\"},\"image\":{\"@id\":\"https:\\\/\\\/telasbymarian.es\\\/#\\\/schema\\\/logo\\\/image\\\/\"}}]}<\/script>\n<!-- \/ Yoast SEO plugin. -->","yoast_head_json":{"title":"\u2b50Viyela Flores Jard\u00edn de Lib\u00e9lula - Telas by Marian","description":"\u2b50Viyela Flores Jard\u00edn de Lib\u00e9lula - Telas by Marian TELA","robots":{"index":"index","follow":"follow","max-snippet":"max-snippet:-1","max-image-preview":"max-image-preview:large","max-video-preview":"max-video-preview:-1"},"canonical":"https:\/\/telasbymarian.es\/?product=\u2b50viyela-flores-jardin-de-libelula","og_locale":"es_ES","og_type":"article","og_title":"\u2b50Viyela Flores Jard\u00edn de Lib\u00e9lula - Telas by Marian","og_description":"\u2b50Viyela Flores Jard\u00edn de Lib\u00e9lula - Telas by Marian TELA","og_url":"https:\/\/telasbymarian.es\/?product=\u2b50viyela-flores-jardin-de-libelula","og_site_name":"Telas by Marian","article_modified_time":"2026-08-30T15:28:55+00:00","og_image":[{"width":1920,"height":2560,"url":"https:\/\/telasbymarian.es\/wp-content\/uploads\/2026\/08\/20260829_140620-scaled.jpg","type":"image\/jpeg"}],"twitter_card":"summary_large_image","schema":{"@context":"https:\/\/schema.org","@graph":[{"@type":"WebPage","@id":"https:\/\/telasbymarian.es\/?product=%e2%ad%90viyela-flores-jardin-de-libelula","url":"https:\/\/telasbymarian.es\/?product=%e2%ad%90viyela-flores-jardin-de-libelula","name":"\u2b50Viyela Flores Jard\u00edn de Lib\u00e9lula - Telas by Marian","isPartOf":{"@id":"https:\/\/telasbymarian.es\/#website"},"primaryImageOfPage":{"@id":"https:\/\/telasbymarian.es\/?product=%e2%ad%90viyela-flores-jardin-de-libelula#primaryimage"},"image":{"@id":"https:\/\/telasbymarian.es\/?product=%e2%ad%90viyela-flores-jardin-de-libelula#primaryimage"},"thumbnailUrl":"https:\/\/telasbymarian.es\/wp-content\/uploads\/2026\/08\/20260829_140620-scaled.jpg","datePublished":"2026-08-30T15:28:54+00:00","dateModified":"2026-08-30T15:28:55+00:00","description":"\u2b50Viyela Flores Jard\u00edn de Lib\u00e9lula - Telas by Marian TELA","breadcrumb":{"@id":"https:\/\/telasbymarian.es\/?product=%e2%ad%90viyela-flores-jardin-de-libelula#breadcrumb"},"inLanguage":"es","potentialAction":[{"@type":"ReadAction","target":["https:\/\/telasbymarian.es\/?product=%e2%ad%90viyela-flores-jardin-de-libelula"]}]},{"@type":"ImageObject","inLanguage":"es","@id":"https:\/\/telasbymarian.es\/?product=%e2%ad%90viyela-flores-jardin-de-libelula#primaryimage","url":"https:\/\/telasbymarian.es\/wp-content\/uploads\/2026\/08\/20260829_140620-scaled.jpg","contentUrl":"https:\/\/telasbymarian.es\/wp-content\/uploads\/2026\/08\/20260829_140620-scaled.jpg","width":1920,"height":2560},{"@type":"BreadcrumbList","@id":"https:\/\/telasbymarian.es\/?product=%e2%ad%90viyela-flores-jardin-de-libelula#breadcrumb","itemListElement":[{"@type":"ListItem","position":1,"name":"Portada","item":"https:\/\/telasbymarian.es\/"},{"@type":"ListItem","position":2,"name":"CAT\u00c1LOGO","item":"https:\/\/telasbymarian.es\/?page_id=38"},{"@type":"ListItem","position":3,"name":"\u2b50Viyela Flores Jard\u00edn de Lib\u00e9lula"}]},{"@type":"WebSite","@id":"https:\/\/telasbymarian.es\/#website","url":"https:\/\/telasbymarian.es\/","name":"Telas by Marian","description":"telasbymarian","publisher":{"@id":"https:\/\/telasbymarian.es\/#organization"},"potentialAction":[{"@type":"SearchAction","target":{"@type":"EntryPoint","urlTemplate":"https:\/\/telasbymarian.es\/?s={search_term_string}"},"query-input":{"@type":"PropertyValueSpecification","valueRequired":true,"valueName":"search_term_string"}}],"inLanguage":"es"},{"@type":"Organization","@id":"https:\/\/telasbymarian.es\/#organization","name":"Telas by Marian","url":"https:\/\/telasbymarian.es\/","logo":{"@type":"ImageObject","inLanguage":"es","@id":"https:\/\/telasbymarian.es\/#\/schema\/logo\/image\/","url":"https:\/\/telasbymarian.es\/wp-content\/uploads\/2026\/08\/cropped-181341724_911390609683091_7405646891194828866_n-300x300-1.jpg","contentUrl":"https:\/\/telasbymarian.es\/wp-content\/uploads\/2026\/08\/cropped-181341724_911390609683091_7405646891194828866_n-300x300-1.jpg","width":300,"height":162,"caption":"Telas by Marian"},"image":{"@id":"https:\/\/telasbymarian.es\/#\/schema\/logo\/image\/"}}]}},"_links":{"self":[{"href":"https:\/\/telasbymarian.es\/index.php?rest_route=\/wp\/v2\/product\/43614","targetHints":{"allow":["GET"]}}],"collection":[{"href":"https:\/\/telasbymarian.es\/index.php?rest_route=\/wp\/v2\/product"}],"about":[{"href":"https:\/\/telasbymarian.es\/index.php?rest_route=\/wp\/v2\/types\/product"}],"version-history":[{"count":1,"href":"https:\/\/telasbymarian.es\/index.php?rest_route=\/wp\/v2\/product\/43614\/revisions"}],"predecessor-version":[{"id":43615,"href":"https:\/\/telasbymarian.es\/index.php?rest_route=\/wp\/v2\/product\/43614\/revisions\/43615"}],"wp:featuredmedia":[{"embeddable":true,"href":"https:\/\/telasbymarian.es\/index.php?rest_route=\/wp\/v2\/media\/43551"}],"wp:attachment":[{"href":"https:\/\/telasbymarian.es\/index.php?rest_route=%2Fwp%2Fv2%2Fmedia&parent=43614"}],"wp:term":[{"taxonomy":"product_brand","embeddable":true,"href":"https:\/\/telasbymarian.es\/index.php?rest_route=%2Fwp%2Fv2%2Fproduct_brand&post=43614"},{"taxonomy":"product_cat","embeddable":true,"href":"https:\/\/telasbymarian.es\/index.php?rest_route=%2Fwp%2Fv2%2Fproduct_cat&post=43614"},{"taxonomy":"product_tag","embeddable":true,"href":"https:\/\/telasbymarian.es\/index.php?rest_route=%2Fwp%2Fv2%2Fproduct_tag&post=43614"}],"curies":[{"name":"wp","href":"https:\/\/api.w.org\/{rel}","templated":true}]}}